{"id":9,"date":"2021-02-23T10:04:36","date_gmt":"2021-02-23T10:04:36","guid":{"rendered":"https:\/\/romanomuseum.com\/wp\/about-us\/"},"modified":"2023-05-13T13:59:15","modified_gmt":"2023-05-13T13:59:15","slug":"despre-proiect","status":"publish","type":"page","link":"https:\/\/romanomuseum.com\/rr\/despre-proiect\/","title":{"rendered":"Pala-o proiekto"},"content":{"rendered":"<div data-elementor-type=\"wp-page\" data-elementor-id=\"9\" class=\"elementor elementor-9\">\n\t\t\t\t\t\t<section class=\"elementor-section elementor-top-section elementor-element elementor-element-252cc20 elementor-section-height-min-height elementor-section-boxed elementor-section-height-default elementor-section-items-middle\" data-id=\"252cc20\" data-element_type=\"section\" data-e-type=\"section\" data-settings=\"{&quot;background_background&quot;:&quot;classic&quot;}\">\n\t\t\t\t\t\t\t<div class=\"elementor-background-overlay\"><\/div>\n\t\t\t\t\t\t\t<div class=\"elementor-container elementor-column-gap-no\">\n\t\t\t\t\t<div class=\"elementor-column elementor-col-100 elementor-top-column elementor-element elementor-element-6250949\" data-id=\"6250949\" data-element_type=\"column\" data-e-type=\"column\">\n\t\t\t<div class=\"elementor-widget-wrap elementor-element-populated\">\n\t\t\t\t\t\t<section class=\"elementor-section elementor-inner-section elementor-element elementor-element-2005eec elementor-section-boxed elementor-section-height-default elementor-section-height-default\" data-id=\"2005eec\" data-element_type=\"section\" data-e-type=\"section\">\n\t\t\t\t\t\t<div class=\"elementor-container elementor-column-gap-no\">\n\t\t\t\t\t<div class=\"elementor-column elementor-col-100 elementor-inner-column elementor-element elementor-element-824eeb8\" data-id=\"824eeb8\" data-element_type=\"column\" data-e-type=\"column\">\n\t\t\t<div class=\"elementor-widget-wrap elementor-element-populated\">\n\t\t\t\t\t\t<div class=\"elementor-element elementor-element-c7e430c animated-slow elementor-invisible elementor-widget elementor-widget-heading\" data-id=\"c7e430c\" data-element_type=\"widget\" data-e-type=\"widget\" data-settings=\"{&quot;_animation&quot;:&quot;fadeIn&quot;}\" data-widget_type=\"heading.default\">\n\t\t\t\t<div class=\"elementor-widget-container\">\n\t\t\t\t\t<h1 class=\"elementor-heading-title elementor-size-default\">ASHTIAS PO BUT KHETANES!<\/h1>\t\t\t\t<\/div>\n\t\t\t\t<\/div>\n\t\t\t\t\t<\/div>\n\t\t<\/div>\n\t\t\t\t\t<\/div>\n\t\t<\/section>\n\t\t\t\t<section class=\"elementor-section elementor-inner-section elementor-element elementor-element-5a93003 elementor-section-boxed elementor-section-height-default elementor-section-height-default\" data-id=\"5a93003\" data-element_type=\"section\" data-e-type=\"section\">\n\t\t\t\t\t\t<div class=\"elementor-container elementor-column-gap-no\">\n\t\t\t\t\t<div class=\"elementor-column elementor-col-100 elementor-inner-column elementor-element elementor-element-3ccf954\" data-id=\"3ccf954\" data-element_type=\"column\" data-e-type=\"column\">\n\t\t\t<div class=\"elementor-widget-wrap\">\n\t\t\t\t\t\t\t<\/div>\n\t\t<\/div>\n\t\t\t\t\t<\/div>\n\t\t<\/section>\n\t\t\t\t\t<\/div>\n\t\t<\/div>\n\t\t\t\t\t<\/div>\n\t\t<\/section>\n\t\t\t\t<section class=\"elementor-section elementor-top-section elementor-element elementor-element-241cd00 elementor-section-boxed elementor-section-height-default elementor-section-height-default\" data-id=\"241cd00\" data-element_type=\"section\" data-e-type=\"section\" data-settings=\"{&quot;background_background&quot;:&quot;classic&quot;}\">\n\t\t\t\t\t\t<div class=\"elementor-container elementor-column-gap-no\">\n\t\t\t\t\t<div class=\"elementor-column elementor-col-100 elementor-top-column elementor-element elementor-element-4c3d795\" data-id=\"4c3d795\" data-element_type=\"column\" data-e-type=\"column\">\n\t\t\t<div class=\"elementor-widget-wrap elementor-element-populated\">\n\t\t\t\t\t\t<section class=\"elementor-section elementor-inner-section elementor-element elementor-element-2d0bf28 elementor-section-boxed elementor-section-height-default elementor-section-height-default\" data-id=\"2d0bf28\" data-element_type=\"section\" data-e-type=\"section\">\n\t\t\t\t\t\t<div class=\"elementor-container elementor-column-gap-no\">\n\t\t\t\t\t<div class=\"elementor-column elementor-col-50 elementor-inner-column elementor-element elementor-element-e5a42d0\" data-id=\"e5a42d0\" data-element_type=\"column\" data-e-type=\"column\">\n\t\t\t<div class=\"elementor-widget-wrap elementor-element-populated\">\n\t\t\t\t\t\t<div class=\"elementor-element elementor-element-9bd1bca elementor-invisible elementor-widget elementor-widget-heading\" data-id=\"9bd1bca\" data-element_type=\"widget\" data-e-type=\"widget\" data-settings=\"{&quot;_animation&quot;:&quot;fadeInUp&quot;}\" data-widget_type=\"heading.default\">\n\t\t\t\t<div class=\"elementor-widget-container\">\n\t\t\t\t\t<h6 class=\"elementor-heading-title elementor-size-default\">RROMANO MUSEO<\/h6>\t\t\t\t<\/div>\n\t\t\t\t<\/div>\n\t\t\t\t<div class=\"elementor-element elementor-element-169224d elementor-invisible elementor-widget elementor-widget-heading\" data-id=\"169224d\" data-element_type=\"widget\" data-e-type=\"widget\" data-settings=\"{&quot;_animation&quot;:&quot;fadeInUp&quot;}\" data-widget_type=\"heading.default\">\n\t\t\t\t<div class=\"elementor-widget-container\">\n\t\t\t\t\t<h2 class=\"elementor-heading-title elementor-size-default\">Iekh astaripen savo del vast te inkeras, te vazdas ai te buhliaras i Rromani kultura.<\/h2>\t\t\t\t<\/div>\n\t\t\t\t<\/div>\n\t\t\t\t<div class=\"elementor-element elementor-element-527a23b elementor-invisible elementor-widget elementor-widget-text-editor\" data-id=\"527a23b\" data-element_type=\"widget\" data-e-type=\"widget\" data-settings=\"{&quot;_animation&quot;:&quot;fadeInUp&quot;}\" data-widget_type=\"text-editor.default\">\n\t\t\t\t<div class=\"elementor-widget-container\">\n\t\t\t\t\t\t\t\t\t<p>Kodolestar na-i amen iekh fizikano museo, godisardiam so si but sherutno te keras iekh virtualo museo e Rromane kulturako, savo shai avel dikhlo vi e Rromendar, vi e Gajendar vi andar-i Rumunia, vi andar-o sasto sundal. Andar kodoia, o museo avela but po but dikhlo, soral po but sherutno vi desar iekh fizikano museo.<br \/><br \/><\/p>\t\t\t\t\t\t\t\t<\/div>\n\t\t\t\t<\/div>\n\t\t\t\t<div class=\"elementor-element elementor-element-9e8a914 elementor-invisible elementor-widget elementor-widget-text-editor\" data-id=\"9e8a914\" data-element_type=\"widget\" data-e-type=\"widget\" data-settings=\"{&quot;_animation&quot;:&quot;fadeInUp&quot;}\" data-widget_type=\"text-editor.default\">\n\t\t\t\t<div class=\"elementor-widget-container\">\n\t\t\t\t\t\t\t\t\t<p>O Virtualo Museo e Rromane Kulturako sas kerdo and-o proiekto \u201cAshtias po but khetanes!\u201d.<\/p>\t\t\t\t\t\t\t\t<\/div>\n\t\t\t\t<\/div>\n\t\t\t\t\t<\/div>\n\t\t<\/div>\n\t\t\t\t<div class=\"elementor-column elementor-col-50 elementor-inner-column elementor-element elementor-element-2eab71c\" data-id=\"2eab71c\" data-element_type=\"column\" data-e-type=\"column\">\n\t\t\t<div class=\"elementor-widget-wrap elementor-element-populated\">\n\t\t\t\t\t\t<div class=\"elementor-element elementor-element-8013aa6 elementor-invisible elementor-widget elementor-widget-image\" data-id=\"8013aa6\" data-element_type=\"widget\" data-e-type=\"widget\" data-settings=\"{&quot;_animation&quot;:&quot;fadeInRight&quot;}\" data-widget_type=\"image.default\">\n\t\t\t\t<div class=\"elementor-widget-container\">\n\t\t\t\t\t\t\t\t\t\t\t\t\t\t\t<img fetchpriority=\"high\" decoding=\"async\" width=\"1116\" height=\"900\" src=\"https:\/\/romanomuseum.com\/wp-content\/uploads\/2023\/02\/Muzeul-Virtual-al-Culturii-Rome-e1677513092841.jpeg\" class=\"attachment-full size-full wp-image-834\" alt=\"\" srcset=\"https:\/\/romanomuseum.com\/wp-content\/uploads\/2023\/02\/Muzeul-Virtual-al-Culturii-Rome-e1677513092841.jpeg 1116w, https:\/\/romanomuseum.com\/wp-content\/uploads\/2023\/02\/Muzeul-Virtual-al-Culturii-Rome-e1677513092841-300x242.jpeg 300w, https:\/\/romanomuseum.com\/wp-content\/uploads\/2023\/02\/Muzeul-Virtual-al-Culturii-Rome-e1677513092841-1024x826.jpeg 1024w, https:\/\/romanomuseum.com\/wp-content\/uploads\/2023\/02\/Muzeul-Virtual-al-Culturii-Rome-e1677513092841-768x619.jpeg 768w\" sizes=\"(max-width: 1116px) 100vw, 1116px\" \/>\t\t\t\t\t\t\t\t\t\t\t\t\t\t\t<\/div>\n\t\t\t\t<\/div>\n\t\t\t\t\t<\/div>\n\t\t<\/div>\n\t\t\t\t\t<\/div>\n\t\t<\/section>\n\t\t\t\t\t<\/div>\n\t\t<\/div>\n\t\t\t\t\t<\/div>\n\t\t<\/section>\n\t\t\t\t<section class=\"elementor-section elementor-top-section elementor-element elementor-element-7d11acc elementor-reverse-mobile elementor-section-boxed elementor-section-height-default elementor-section-height-default\" data-id=\"7d11acc\" data-element_type=\"section\" data-e-type=\"section\">\n\t\t\t\t\t\t<div class=\"elementor-container elementor-column-gap-no\">\n\t\t\t\t\t<div class=\"elementor-column elementor-col-33 elementor-top-column elementor-element elementor-element-08aecff elementor-hidden-tablet\" data-id=\"08aecff\" data-element_type=\"column\" data-e-type=\"column\">\n\t\t\t<div class=\"elementor-widget-wrap elementor-element-populated\">\n\t\t\t\t\t\t<div class=\"elementor-element elementor-element-69d3757 elementor-hidden-mobile animated-slow elementor-invisible elementor-widget elementor-widget-image\" data-id=\"69d3757\" data-element_type=\"widget\" data-e-type=\"widget\" data-settings=\"{&quot;_animation&quot;:&quot;fadeIn&quot;}\" data-widget_type=\"image.default\">\n\t\t\t\t<div class=\"elementor-widget-container\">\n\t\t\t\t\t\t\t\t\t\t\t\t\t\t\t<img decoding=\"async\" width=\"1707\" height=\"2560\" src=\"https:\/\/romanomuseum.com\/wp-content\/uploads\/2023\/02\/pexels-fatih-dogrul-10356533-scaled.jpg\" class=\"attachment-full size-full wp-image-876\" alt=\"\" srcset=\"https:\/\/romanomuseum.com\/wp-content\/uploads\/2023\/02\/pexels-fatih-dogrul-10356533-scaled.jpg 1707w, https:\/\/romanomuseum.com\/wp-content\/uploads\/2023\/02\/pexels-fatih-dogrul-10356533-200x300.jpg 200w, https:\/\/romanomuseum.com\/wp-content\/uploads\/2023\/02\/pexels-fatih-dogrul-10356533-683x1024.jpg 683w, https:\/\/romanomuseum.com\/wp-content\/uploads\/2023\/02\/pexels-fatih-dogrul-10356533-768x1152.jpg 768w, https:\/\/romanomuseum.com\/wp-content\/uploads\/2023\/02\/pexels-fatih-dogrul-10356533-1024x1536.jpg 1024w, https:\/\/romanomuseum.com\/wp-content\/uploads\/2023\/02\/pexels-fatih-dogrul-10356533-1365x2048.jpg 1365w\" sizes=\"(max-width: 1707px) 100vw, 1707px\" \/>\t\t\t\t\t\t\t\t\t\t\t\t\t\t\t<\/div>\n\t\t\t\t<\/div>\n\t\t\t\t\t<\/div>\n\t\t<\/div>\n\t\t\t\t<div class=\"elementor-column elementor-col-66 elementor-top-column elementor-element elementor-element-7cb0483\" data-id=\"7cb0483\" data-element_type=\"column\" data-e-type=\"column\">\n\t\t\t<div class=\"elementor-widget-wrap elementor-element-populated\">\n\t\t\t\t\t\t<section class=\"elementor-section elementor-inner-section elementor-element elementor-element-5e85109 animated-slow elementor-section-boxed elementor-section-height-default elementor-section-height-default elementor-invisible\" data-id=\"5e85109\" data-element_type=\"section\" data-e-type=\"section\" data-settings=\"{&quot;animation&quot;:&quot;fadeInRight&quot;}\">\n\t\t\t\t\t\t<div class=\"elementor-container elementor-column-gap-no\">\n\t\t\t\t\t<div class=\"elementor-column elementor-col-100 elementor-inner-column elementor-element elementor-element-835f774\" data-id=\"835f774\" data-element_type=\"column\" data-e-type=\"column\">\n\t\t\t<div class=\"elementor-widget-wrap elementor-element-populated\">\n\t\t\t\t\t\t<div class=\"elementor-element elementor-element-45d6106 elementor-widget elementor-widget-heading\" data-id=\"45d6106\" data-element_type=\"widget\" data-e-type=\"widget\" data-widget_type=\"heading.default\">\n\t\t\t\t<div class=\"elementor-widget-container\">\n\t\t\t\t\t<h2 class=\"elementor-heading-title elementor-size-default\">Pala-o proiekto<\/h2>\t\t\t\t<\/div>\n\t\t\t\t<\/div>\n\t\t\t\t<div class=\"elementor-element elementor-element-d65540c elementor-widget elementor-widget-text-editor\" data-id=\"d65540c\" data-element_type=\"widget\" data-e-type=\"widget\" data-widget_type=\"text-editor.default\">\n\t\t\t\t<div class=\"elementor-widget-container\">\n\t\t\t\t\t\t\t\t\t<p>I Fundatzia \u201eKhetanes\u201d pash lake parteneruria, O Themutno Tzentro e Rromenqe Kulturako \u2013 Romano Kher, I Asotziatzia O Rromengo Tzentro \u201eAmare Rromentza\u201d, I Asotziatzia E Dine-Rigate Khetanimatenqi Boto\u015fani, I Asotziatzia e Rromenqi andar-o F\u0103g\u0103ra\u015fo, I Asotziatzia DANROM F\u0103urei, I Asotziatzia \u201eI Agentzia vash-o Khetanimatengo Buhliaripe Buz\u0103u\u201d, I Asotziatzia e Ricinarenqi Rromenqi andar-i Dag\u00e2\u0163a, kerden o proiekto \u201eAshtias po but khetanes!\u201d, mashkar 01.01.2021-29.02.2023.\u00a0\u00a0<\/p><p>Kadava proiekto kamel te del vast te zoriarel 2200 Rroma andar-o themutno nivelo, labiarindoi iekh dikhipen \u201etelal opre\u201d, kai ol Rroma themutne si and-o mashkar, sikliovindoi te den vast aktivikanes te lacearen pen ol khetanimatenqe pharimata ai t-avel shundo ol khetanimatenqe vaka. O dikhipen kadala proiektosko si neviarno, paruvindoi o sotzialo dikhipen butvar labiardo and-ol publikane politike, soral ol Rroma t-aven dikhle sar iekh barvalipen savo shai buhliarel ai vazdel i Rumunia.<\/p>\t\t\t\t\t\t\t\t<\/div>\n\t\t\t\t<\/div>\n\t\t\t\t\t<\/div>\n\t\t<\/div>\n\t\t\t\t\t<\/div>\n\t\t<\/section>\n\t\t\t\t\t<\/div>\n\t\t<\/div>\n\t\t\t\t\t<\/div>\n\t\t<\/section>\n\t\t\t\t<section class=\"elementor-section elementor-top-section elementor-element elementor-element-b285c54 animated-slow elementor-section-boxed elementor-section-height-default elementor-section-height-default elementor-invisible\" data-id=\"b285c54\" data-element_type=\"section\" data-e-type=\"section\" data-settings=\"{&quot;animation&quot;:&quot;fadeIn&quot;}\">\n\t\t\t\t\t\t\t<div class=\"elementor-background-overlay\"><\/div>\n\t\t\t\t\t\t\t<div class=\"elementor-container elementor-column-gap-default\">\n\t\t\t\t\t<div class=\"elementor-column elementor-col-100 elementor-top-column elementor-element elementor-element-52e5b0e\" data-id=\"52e5b0e\" data-element_type=\"column\" data-e-type=\"column\">\n\t\t\t<div class=\"elementor-widget-wrap elementor-element-populated\">\n\t\t\t\t\t\t<div class=\"elementor-element elementor-element-3b25ce1 elementor-widget elementor-widget-heading\" data-id=\"3b25ce1\" data-element_type=\"widget\" data-e-type=\"widget\" data-widget_type=\"heading.default\">\n\t\t\t\t<div class=\"elementor-widget-container\">\n\t\t\t\t\t<h2 class=\"elementor-heading-title elementor-size-default\">Naisarimata<\/h2>\t\t\t\t<\/div>\n\t\t\t\t<\/div>\n\t\t\t\t<div class=\"elementor-element elementor-element-9599f98 elementor-widget elementor-widget-heading\" data-id=\"9599f98\" data-element_type=\"widget\" data-e-type=\"widget\" data-widget_type=\"heading.default\">\n\t\t\t\t<div class=\"elementor-widget-container\">\n\t\t\t\t\t<h5 class=\"elementor-heading-title elementor-size-default\">Naisaras andar o gi saorenqe save den amenqe vast te keras o Virtualo Museo e Rromenqe Kulturako:<\/h5>\t\t\t\t<\/div>\n\t\t\t\t<\/div>\n\t\t\t\t<div class=\"elementor-element elementor-element-7f38f74 elementor-widget elementor-widget-text-editor\" data-id=\"7f38f74\" data-element_type=\"widget\" data-e-type=\"widget\" data-widget_type=\"text-editor.default\">\n\t\t\t\t<div class=\"elementor-widget-container\">\n\t\t\t\t\t\t\t\t\t<p>I Fundatzia I Agentzia vash o Khetanimatenqo Buhliaripen \u201cKhetanes\u201d, o sherutno e proiektosko<\/p><p><u>Amare parteneruria:<\/u>:<\/p><p>O Themutno Tzentro vash i Rromenqi Kultura \u2013 Romano Kher<\/p><p>I Asociatzia e Khetanimatenqi Dine Rigate tar-o Boto\u0219ani<\/p><p>I Asociatzia e Rromenqi tar-o F\u0103g\u0103ra\u0219<\/p><p>I Asociatzia DANROM F\u0103urei<\/p><p>I Asociatzia \u201cI Agentzia vash o Khetanimatenqo Buhliaripen Buz\u0103u\u201d<\/p><p>I Asociatzia e Ricinarenqi Rromenqi tar-i Dag\u00e2\u021ba<\/p><p><u>I kompania lini e kontraktosa:<\/u>:<\/p><p>I Hobbit Media<\/p><p><u>Ol institutzie save kerde pen amare parteneruria vai kolaboratoria te den amenqe vast te keras o museo:<\/u>:<\/p><p>O Themutno Museo e Rumunikane Gavutnesko<\/p><p>O Themutno Museo e Agrikulturako tar-i Slobozia<\/p><p>O Themutno Museo e Rumuniake Historiako<\/p><p>O Bukureshtiosko Museo<\/p><p>O Themutno Museo ASTRA<\/p><p><u>Rroma sherutne, activisturia, purane bukianqe maistoria, hramosarne, artisturia e dikhle ustadianqe, musikake artisturia, aktoria ai kulturake manusha<\/u><\/p>\t\t\t\t\t\t\t\t<\/div>\n\t\t\t\t<\/div>\n\t\t\t\t<div class=\"elementor-element elementor-element-bf1bc99 elementor-widget elementor-widget-heading\" data-id=\"bf1bc99\" data-element_type=\"widget\" data-e-type=\"widget\" data-widget_type=\"heading.default\">\n\t\t\t\t<div class=\"elementor-widget-container\">\n\t\t\t\t\t<h5 class=\"elementor-heading-title elementor-size-default\">Uzalutne naisarimata e eksperturenqe save kerden o amboldipen e museoske teksturenqo vash-ol museoske paramisitoria and-e Anglikani ai Rromani ciba:<\/h5>\t\t\t\t<\/div>\n\t\t\t\t<\/div>\n\t\t\t\t<div class=\"elementor-element elementor-element-028b7f2 elementor-widget elementor-widget-text-editor\" data-id=\"028b7f2\" data-element_type=\"widget\" data-e-type=\"widget\" data-widget_type=\"text-editor.default\">\n\t\t\t\t<div class=\"elementor-widget-container\">\n\t\t\t\t\t\t\t\t\t<p>I Victoria Ducu<\/p><p>O Sorin Sandu<\/p>\t\t\t\t\t\t\t\t<\/div>\n\t\t\t\t<\/div>\n\t\t\t\t<div class=\"elementor-element elementor-element-21372cd elementor-widget elementor-widget-heading\" data-id=\"21372cd\" data-element_type=\"widget\" data-e-type=\"widget\" data-widget_type=\"heading.default\">\n\t\t\t\t<div class=\"elementor-widget-container\">\n\t\t\t\t\t<h5 class=\"elementor-heading-title elementor-size-default\">Uzalutne naisarimata e eksperturenqe save kerden e museoske vaka and-e Anglikani, Rromani ai Rumunikani ciba:<\/h5>\t\t\t\t<\/div>\n\t\t\t\t<\/div>\n\t\t\t\t<div class=\"elementor-element elementor-element-6cd14ba elementor-widget elementor-widget-text-editor\" data-id=\"6cd14ba\" data-element_type=\"widget\" data-e-type=\"widget\" data-widget_type=\"text-editor.default\">\n\t\t\t\t<div class=\"elementor-widget-container\">\n\t\t\t\t\t\t\t\t\t<p>I Oana Rusu<\/p><p>O Alexandru Fifea<\/p><p>O Sorin Sandu<\/p><p>I Mariana Sandu<\/p>\t\t\t\t\t\t\t\t<\/div>\n\t\t\t\t<\/div>\n\t\t\t\t<div class=\"elementor-element elementor-element-20959b6 elementor-widget elementor-widget-heading\" data-id=\"20959b6\" data-element_type=\"widget\" data-e-type=\"widget\" data-widget_type=\"heading.default\">\n\t\t\t\t<div class=\"elementor-widget-container\">\n\t\t\t\t\t<h5 class=\"elementor-heading-title elementor-size-default\">Uzalutne naisarimata e artistureske savo kerdias i originalo musika vash-o museo: <\/h5>\t\t\t\t<\/div>\n\t\t\t\t<\/div>\n\t\t\t\t<div class=\"elementor-element elementor-element-deab90a elementor-widget elementor-widget-text-editor\" data-id=\"deab90a\" data-element_type=\"widget\" data-e-type=\"widget\" data-widget_type=\"text-editor.default\">\n\t\t\t\t<div class=\"elementor-widget-container\">\n\t\t\t\t\t\t\t\t\t<p>O Marian C\u0103lin<\/p>\t\t\t\t\t\t\t\t<\/div>\n\t\t\t\t<\/div>\n\t\t\t\t\t<\/div>\n\t\t<\/div>\n\t\t\t\t\t<\/div>\n\t\t<\/section>\n\t\t\t\t<section class=\"elementor-section elementor-top-section elementor-element elementor-element-d633462 elementor-section-boxed elementor-section-height-default elementor-section-height-default\" data-id=\"d633462\" data-element_type=\"section\" data-e-type=\"section\" data-settings=\"{&quot;background_background&quot;:&quot;classic&quot;}\">\n\t\t\t\t\t\t\t<div class=\"elementor-background-overlay\"><\/div>\n\t\t\t\t\t\t\t<div class=\"elementor-container elementor-column-gap-no\">\n\t\t\t\t\t<div class=\"elementor-column elementor-col-100 elementor-top-column elementor-element elementor-element-a507fbc\" data-id=\"a507fbc\" data-element_type=\"column\" data-e-type=\"column\">\n\t\t\t<div class=\"elementor-widget-wrap elementor-element-populated\">\n\t\t\t\t\t\t<section class=\"elementor-section elementor-inner-section elementor-element elementor-element-5ed0c65 elementor-section-boxed elementor-section-height-default elementor-section-height-default elementor-invisible\" data-id=\"5ed0c65\" data-element_type=\"section\" data-e-type=\"section\" data-settings=\"{&quot;animation&quot;:&quot;fadeInUp&quot;}\">\n\t\t\t\t\t\t<div class=\"elementor-container elementor-column-gap-no\">\n\t\t\t\t\t<div class=\"elementor-column elementor-col-100 elementor-inner-column elementor-element elementor-element-95c9bcd\" data-id=\"95c9bcd\" data-element_type=\"column\" data-e-type=\"column\">\n\t\t\t<div class=\"elementor-widget-wrap elementor-element-populated\">\n\t\t\t\t\t\t<div class=\"elementor-element elementor-element-0fffdd8 elementor-widget elementor-widget-heading\" data-id=\"0fffdd8\" data-element_type=\"widget\" data-e-type=\"widget\" data-widget_type=\"heading.default\">\n\t\t\t\t<div class=\"elementor-widget-container\">\n\t\t\t\t\t<h2 class=\"elementor-heading-title elementor-size-default\">O Virtualo Museo e Rromane Kulturako<\/h2>\t\t\t\t<\/div>\n\t\t\t\t<\/div>\n\t\t\t\t<div class=\"elementor-element elementor-element-cd427aa elementor-widget elementor-widget-heading\" data-id=\"cd427aa\" data-element_type=\"widget\" data-e-type=\"widget\" data-widget_type=\"heading.default\">\n\t\t\t\t<div class=\"elementor-widget-container\">\n\t\t\t\t\t<h4 class=\"elementor-heading-title elementor-size-default\">I Islanda, o Liechtenstein ai i Norvegia katar-ol SEE ai ol Norvegiake Dine-Love, and-o Thanutno Buhliarimasko Programo, den 897.454 Euro kadala proiektoske.<\/h4>\t\t\t\t<\/div>\n\t\t\t\t<\/div>\n\t\t\t\t\t<\/div>\n\t\t<\/div>\n\t\t\t\t\t<\/div>\n\t\t<\/section>\n\t\t\t\t<section class=\"elementor-section elementor-inner-section elementor-element elementor-element-3dd04ff elementor-section-boxed elementor-section-height-default elementor-section-height-default\" data-id=\"3dd04ff\" data-element_type=\"section\" data-e-type=\"section\">\n\t\t\t\t\t\t<div class=\"elementor-container elementor-column-gap-no\">\n\t\t\t\t\t<div class=\"elementor-column elementor-col-100 elementor-inner-column elementor-element elementor-element-b8a41bd\" data-id=\"b8a41bd\" data-element_type=\"column\" data-e-type=\"column\">\n\t\t\t<div class=\"elementor-widget-wrap\">\n\t\t\t\t\t\t\t<\/div>\n\t\t<\/div>\n\t\t\t\t\t<\/div>\n\t\t<\/section>\n\t\t\t\t\t<\/div>\n\t\t<\/div>\n\t\t\t\t\t<\/div>\n\t\t<\/section>\n\t\t\t\t<\/div>","protected":false},"excerpt":{"rendered":"<p>Putem mai mult \u00cempreun\u0103! Romano Museum O ini\u021biativ\u0103 care ajut\u0103 la conservarea, promovarea \u0219i dezvoltarea culturii rome. \u00cen lipsa unui muzeu fizic, am considerat foarte important\u0103 realizarea unui muzeul virtual al culturii romilor, care poate fi vizitat at\u00e2t de romi \u0219i de neromi din Rom\u00e2nia, c\u00e2t \u0219i de c\u0103tre romi \u0219i neromi din oricare col\u021b [&hellip;]<\/p>\n","protected":false},"author":1,"featured_media":0,"parent":0,"menu_order":0,"comment_status":"closed","ping_status":"closed","template":"","meta":{"site-sidebar-layout":"no-sidebar","site-content-layout":"page-builder","ast-site-content-layout":"default","site-content-style":"default","site-sidebar-style":"default","ast-global-header-display":"","ast-banner-title-visibility":"","ast-main-header-display":"","ast-hfb-above-header-display":"","ast-hfb-below-header-display":"","ast-hfb-mobile-header-display":"","site-post-title":"disabled","ast-breadcrumbs-content":"disabled","ast-featured-img":"disabled","footer-sml-layout":"","ast-disable-related-posts":"","theme-transparent-header-meta":"enabled","adv-header-id-meta":"","stick-header-meta":"","header-above-stick-meta":"","header-main-stick-meta":"","header-below-stick-meta":"","astra-migrate-meta-layouts":"default","ast-page-background-enabled":"default","ast-page-background-meta":{"desktop":{"background-color":"","background-image":"","background-repeat":"repeat","background-position":"center center","background-size":"auto","background-attachment":"scroll","background-type":"","background-media":"","overlay-type":"","overlay-color":"","overlay-opacity":"","overlay-gradient":""},"tablet":{"background-color":"","background-image":"","background-repeat":"repeat","background-position":"center center","background-size":"auto","background-attachment":"scroll","background-type":"","background-media":"","overlay-type":"","overlay-color":"","overlay-opacity":"","overlay-gradient":""},"mobile":{"background-color":"","background-image":"","background-repeat":"repeat","background-position":"center center","background-size":"auto","background-attachment":"scroll","background-type":"","background-media":"","overlay-type":"","overlay-color":"","overlay-opacity":"","overlay-gradient":""}},"ast-content-background-meta":{"desktop":{"background-color":"var(--ast-global-color-5)","background-image":"","background-repeat":"repeat","background-position":"center center","background-size":"auto","background-attachment":"scroll","background-type":"","background-media":"","overlay-type":"","overlay-color":"","overlay-opacity":"","overlay-gradient":""},"tablet":{"background-color":"var(--ast-global-color-5)","background-image":"","background-repeat":"repeat","background-position":"center center","background-size":"auto","background-attachment":"scroll","background-type":"","background-media":"","overlay-type":"","overlay-color":"","overlay-opacity":"","overlay-gradient":""},"mobile":{"background-color":"var(--ast-global-color-5)","background-image":"","background-repeat":"repeat","background-position":"center center","background-size":"auto","background-attachment":"scroll","background-type":"","background-media":"","overlay-type":"","overlay-color":"","overlay-opacity":"","overlay-gradient":""}},"footnotes":""},"class_list":["post-9","page","type-page","status-publish","hentry"],"yoast_head":"<!-- This site is optimized with the Yoast SEO plugin v27.5 - https:\/\/yoast.com\/product\/yoast-seo-wordpress\/ -->\n<title>Despre Proiect - Romano Museum<\/title>\n<meta name=\"robots\" content=\"index, follow, max-snippet:-1, max-image-preview:large, max-video-preview:-1\" \/>\n<link rel=\"canonical\" href=\"https:\/\/romanomuseum.com\/rr\/despre-proiect\/\" \/>\n<meta property=\"og:locale\" content=\"en_US\" \/>\n<meta property=\"og:type\" content=\"article\" \/>\n<meta property=\"og:title\" content=\"Despre Proiect - Romano Museum\" \/>\n<meta property=\"og:description\" content=\"Putem mai mult \u00cempreun\u0103! Romano Museum O ini\u021biativ\u0103 care ajut\u0103 la conservarea, promovarea \u0219i dezvoltarea culturii rome. \u00cen lipsa unui muzeu fizic, am considerat foarte important\u0103 realizarea unui muzeul virtual al culturii romilor, care poate fi vizitat at\u00e2t de romi \u0219i de neromi din Rom\u00e2nia, c\u00e2t \u0219i de c\u0103tre romi \u0219i neromi din oricare col\u021b [&hellip;]\" \/>\n<meta property=\"og:url\" content=\"https:\/\/romanomuseum.com\/rr\/despre-proiect\/\" \/>\n<meta property=\"og:site_name\" content=\"Romano Museum\" \/>\n<meta property=\"article:publisher\" content=\"https:\/\/www.facebook.com\/PutemMaiMultImpreuna\" \/>\n<meta property=\"article:modified_time\" content=\"2023-05-13T13:59:15+00:00\" \/>\n<meta property=\"og:image\" content=\"https:\/\/romanomuseum.com\/wp-content\/uploads\/2023\/02\/Muzeul-Virtual-al-Culturii-Rome-e1677513092841.jpeg\" \/>\n<meta name=\"twitter:card\" content=\"summary_large_image\" \/>\n<meta name=\"twitter:label1\" content=\"Est. reading time\" \/>\n\t<meta name=\"twitter:data1\" content=\"3 minutes\" \/>\n<script type=\"application\/ld+json\" class=\"yoast-schema-graph\">{\"@context\":\"https:\\\/\\\/schema.org\",\"@graph\":[{\"@type\":\"WebPage\",\"@id\":\"https:\\\/\\\/romanomuseum.com\\\/despre-proiect\\\/\",\"url\":\"https:\\\/\\\/romanomuseum.com\\\/despre-proiect\\\/\",\"name\":\"Despre Proiect - Romano Museum\",\"isPartOf\":{\"@id\":\"https:\\\/\\\/romanomuseum.com\\\/#website\"},\"primaryImageOfPage\":{\"@id\":\"https:\\\/\\\/romanomuseum.com\\\/despre-proiect\\\/#primaryimage\"},\"image\":{\"@id\":\"https:\\\/\\\/romanomuseum.com\\\/despre-proiect\\\/#primaryimage\"},\"thumbnailUrl\":\"https:\\\/\\\/romanomuseum.com\\\/wp-content\\\/uploads\\\/2023\\\/02\\\/Muzeul-Virtual-al-Culturii-Rome-e1677513092841.jpeg\",\"datePublished\":\"2021-02-23T10:04:36+00:00\",\"dateModified\":\"2023-05-13T13:59:15+00:00\",\"breadcrumb\":{\"@id\":\"https:\\\/\\\/romanomuseum.com\\\/despre-proiect\\\/#breadcrumb\"},\"inLanguage\":\"Rr\",\"potentialAction\":[{\"@type\":\"ReadAction\",\"target\":[\"https:\\\/\\\/romanomuseum.com\\\/despre-proiect\\\/\"]}]},{\"@type\":\"ImageObject\",\"inLanguage\":\"Rr\",\"@id\":\"https:\\\/\\\/romanomuseum.com\\\/despre-proiect\\\/#primaryimage\",\"url\":\"https:\\\/\\\/romanomuseum.com\\\/wp-content\\\/uploads\\\/2023\\\/02\\\/Muzeul-Virtual-al-Culturii-Rome-e1677513092841.jpeg\",\"contentUrl\":\"https:\\\/\\\/romanomuseum.com\\\/wp-content\\\/uploads\\\/2023\\\/02\\\/Muzeul-Virtual-al-Culturii-Rome-e1677513092841.jpeg\"},{\"@type\":\"BreadcrumbList\",\"@id\":\"https:\\\/\\\/romanomuseum.com\\\/despre-proiect\\\/#breadcrumb\",\"itemListElement\":[{\"@type\":\"ListItem\",\"position\":1,\"name\":\"Home\",\"item\":\"https:\\\/\\\/romanomuseum.com\\\/\"},{\"@type\":\"ListItem\",\"position\":2,\"name\":\"Despre Proiect\"}]},{\"@type\":\"WebSite\",\"@id\":\"https:\\\/\\\/romanomuseum.com\\\/#website\",\"url\":\"https:\\\/\\\/romanomuseum.com\\\/\",\"name\":\"Romano Museum\",\"description\":\"Muzeul Virtual al Culturii Rromilor\",\"potentialAction\":[{\"@type\":\"SearchAction\",\"target\":{\"@type\":\"EntryPoint\",\"urlTemplate\":\"https:\\\/\\\/romanomuseum.com\\\/?s={search_term_string}\"},\"query-input\":{\"@type\":\"PropertyValueSpecification\",\"valueRequired\":true,\"valueName\":\"search_term_string\"}}],\"inLanguage\":\"Rr\"}]}<\/script>\n<!-- \/ Yoast SEO plugin. -->","yoast_head_json":{"title":"Despre Proiect - Romano Museum","robots":{"index":"index","follow":"follow","max-snippet":"max-snippet:-1","max-image-preview":"max-image-preview:large","max-video-preview":"max-video-preview:-1"},"canonical":"https:\/\/romanomuseum.com\/rr\/despre-proiect\/","og_locale":"en_US","og_type":"article","og_title":"Despre Proiect - Romano Museum","og_description":"Putem mai mult \u00cempreun\u0103! Romano Museum O ini\u021biativ\u0103 care ajut\u0103 la conservarea, promovarea \u0219i dezvoltarea culturii rome. \u00cen lipsa unui muzeu fizic, am considerat foarte important\u0103 realizarea unui muzeul virtual al culturii romilor, care poate fi vizitat at\u00e2t de romi \u0219i de neromi din Rom\u00e2nia, c\u00e2t \u0219i de c\u0103tre romi \u0219i neromi din oricare col\u021b [&hellip;]","og_url":"https:\/\/romanomuseum.com\/rr\/despre-proiect\/","og_site_name":"Romano Museum","article_publisher":"https:\/\/www.facebook.com\/PutemMaiMultImpreuna","article_modified_time":"2023-05-13T13:59:15+00:00","og_image":[{"url":"https:\/\/romanomuseum.com\/wp-content\/uploads\/2023\/02\/Muzeul-Virtual-al-Culturii-Rome-e1677513092841.jpeg","type":"","width":"","height":""}],"twitter_card":"summary_large_image","twitter_misc":{"Est. reading time":"3 minutes"},"schema":{"@context":"https:\/\/schema.org","@graph":[{"@type":"WebPage","@id":"https:\/\/romanomuseum.com\/despre-proiect\/","url":"https:\/\/romanomuseum.com\/despre-proiect\/","name":"Despre Proiect - Romano Museum","isPartOf":{"@id":"https:\/\/romanomuseum.com\/#website"},"primaryImageOfPage":{"@id":"https:\/\/romanomuseum.com\/despre-proiect\/#primaryimage"},"image":{"@id":"https:\/\/romanomuseum.com\/despre-proiect\/#primaryimage"},"thumbnailUrl":"https:\/\/romanomuseum.com\/wp-content\/uploads\/2023\/02\/Muzeul-Virtual-al-Culturii-Rome-e1677513092841.jpeg","datePublished":"2021-02-23T10:04:36+00:00","dateModified":"2023-05-13T13:59:15+00:00","breadcrumb":{"@id":"https:\/\/romanomuseum.com\/despre-proiect\/#breadcrumb"},"inLanguage":"Rr","potentialAction":[{"@type":"ReadAction","target":["https:\/\/romanomuseum.com\/despre-proiect\/"]}]},{"@type":"ImageObject","inLanguage":"Rr","@id":"https:\/\/romanomuseum.com\/despre-proiect\/#primaryimage","url":"https:\/\/romanomuseum.com\/wp-content\/uploads\/2023\/02\/Muzeul-Virtual-al-Culturii-Rome-e1677513092841.jpeg","contentUrl":"https:\/\/romanomuseum.com\/wp-content\/uploads\/2023\/02\/Muzeul-Virtual-al-Culturii-Rome-e1677513092841.jpeg"},{"@type":"BreadcrumbList","@id":"https:\/\/romanomuseum.com\/despre-proiect\/#breadcrumb","itemListElement":[{"@type":"ListItem","position":1,"name":"Home","item":"https:\/\/romanomuseum.com\/"},{"@type":"ListItem","position":2,"name":"Despre Proiect"}]},{"@type":"WebSite","@id":"https:\/\/romanomuseum.com\/#website","url":"https:\/\/romanomuseum.com\/","name":"RROMANO MUSEO","description":"O Virtualo Museo e Rromane Kulturako","potentialAction":[{"@type":"SearchAction","target":{"@type":"EntryPoint","urlTemplate":"https:\/\/romanomuseum.com\/?s={search_term_string}"},"query-input":{"@type":"PropertyValueSpecification","valueRequired":true,"valueName":"search_term_string"}}],"inLanguage":"Rr"}]}},"_links":{"self":[{"href":"https:\/\/romanomuseum.com\/rr\/wp-json\/wp\/v2\/pages\/9","targetHints":{"allow":["GET"]}}],"collection":[{"href":"https:\/\/romanomuseum.com\/rr\/wp-json\/wp\/v2\/pages"}],"about":[{"href":"https:\/\/romanomuseum.com\/rr\/wp-json\/wp\/v2\/types\/page"}],"author":[{"embeddable":true,"href":"https:\/\/romanomuseum.com\/rr\/wp-json\/wp\/v2\/users\/1"}],"replies":[{"embeddable":true,"href":"https:\/\/romanomuseum.com\/rr\/wp-json\/wp\/v2\/comments?post=9"}],"version-history":[{"count":101,"href":"https:\/\/romanomuseum.com\/rr\/wp-json\/wp\/v2\/pages\/9\/revisions"}],"predecessor-version":[{"id":2761,"href":"https:\/\/romanomuseum.com\/rr\/wp-json\/wp\/v2\/pages\/9\/revisions\/2761"}],"wp:attachment":[{"href":"https:\/\/romanomuseum.com\/rr\/wp-json\/wp\/v2\/media?parent=9"}],"curies":[{"name":"wp","href":"https:\/\/api.w.org\/{rel}","templated":true}]}}